{"version":"1.0","provider_name":"Col\u00e9gio Din\u00e2mica","provider_url":"https:\/\/www.colegiodinamica.com.br\/site","author_name":"ecliente","author_url":"https:\/\/www.colegiodinamica.com.br\/site\/author\/ecliente\/","title":"Col\u00e9gio e Fam\u00edlia como rede de apoio - Col\u00e9gio Din\u00e2mica","type":"rich","width":600,"height":338,"html":"<blockquote class=\"wp-embedded-content\" data-secret=\"Iq0LPJpyby\"><a href=\"https:\/\/www.colegiodinamica.com.br\/site\/2021\/09\/10\/colegio-e-familia-como-rede-de-apoio\/\">Col\u00e9gio e Fam\u00edlia como rede de apoio<\/a><\/blockquote><iframe sandbox=\"allow-scripts\" security=\"restricted\" src=\"https:\/\/www.colegiodinamica.com.br\/site\/2021\/09\/10\/colegio-e-familia-como-rede-de-apoio\/embed\/#?secret=Iq0LPJpyby\" width=\"600\" height=\"338\" title=\"&#8220;Col\u00e9gio e Fam\u00edlia como rede de apoio&#8221; &#8212; Col\u00e9gio Din\u00e2mica\" data-secret=\"Iq0LPJpyby\" frameborder=\"0\" marginwidth=\"0\" marginheight=\"0\" scrolling=\"no\" class=\"wp-embedded-content\"><\/iframe><script type=\"text\/javascript\">\n\/* <![CDATA[ *\/\n\/*! This file is auto-generated *\/\n!function(d,l){\"use strict\";l.querySelector&&d.addEventListener&&\"undefined\"!=typeof URL&&(d.wp=d.wp||{},d.wp.receiveEmbedMessage||(d.wp.receiveEmbedMessage=function(e){var t=e.data;if((t||t.secret||t.message||t.value)&&!\/[^a-zA-Z0-9]\/.test(t.secret)){for(var s,r,n,a=l.querySelectorAll('iframe[data-secret=\"'+t.secret+'\"]'),o=l.querySelectorAll('blockquote[data-secret=\"'+t.secret+'\"]'),c=new RegExp(\"^https?:$\",\"i\"),i=0;i<o.length;i++)o[i].style.display=\"none\";for(i=0;i<a.length;i++)s=a[i],e.source===s.contentWindow&&(s.removeAttribute(\"style\"),\"height\"===t.message?(1e3<(r=parseInt(t.value,10))?r=1e3:~~r<200&&(r=200),s.height=r):\"link\"===t.message&&(r=new URL(s.getAttribute(\"src\")),n=new URL(t.value),c.test(n.protocol))&&n.host===r.host&&l.activeElement===s&&(d.top.location.href=t.value))}},d.addEventListener(\"message\",d.wp.receiveEmbedMessage,!1),l.addEventListener(\"DOMContentLoaded\",function(){for(var e,t,s=l.querySelectorAll(\"iframe.wp-embedded-content\"),r=0;r<s.length;r++)(t=(e=s[r]).getAttribute(\"data-secret\"))||(t=Math.random().toString(36).substring(2,12),e.src+=\"#?secret=\"+t,e.setAttribute(\"data-secret\",t)),e.contentWindow.postMessage({message:\"ready\",secret:t},\"*\")},!1)))}(window,document);\n\/\/# sourceURL=https:\/\/www.colegiodinamica.com.br\/site\/wp-includes\/js\/wp-embed.min.js\n\/* ]]> *\/\n<\/script>\n","thumbnail_url":"https:\/\/www.colegiodinamica.com.br\/site\/wp-content\/uploads\/2021\/09\/Colegio-e-Familia-como-rede-de-apoio.jpg","thumbnail_width":750,"thumbnail_height":415,"description":"Se n\u00f3s adultos, somos o resultado daquilo que aconteceu conosco quando t\u00ednhamos de 0 a 3 anos, por que n\u00e3o pensamos em como vamos agir com os nossos filhos nessa fase t\u00e3o importante? Partindo do Prov\u00e9rbio Africano, \u201c\u00c9 preciso uma aldeia para se educar uma crian\u00e7a\u201d, se faz necess\u00e1rio pensar em criar e compartilhar de [&hellip;]"}